{"id":3178,"date":"2018-03-24T12:31:06","date_gmt":"2018-03-24T12:31:06","guid":{"rendered":"https:\/\/www.ildiariodellabellezza.it\/ingrediente\/centella-asiatica\/"},"modified":"2018-06-29T22:40:45","modified_gmt":"2018-06-29T22:40:45","slug":"centella","status":"publish","type":"portfolio","link":"https:\/\/www.ildiariodellabellezza.it\/en\/ingredienti\/centella\/","title":{"rendered":"Centella"},"content":{"rendered":"<div class=\"wpb-content-wrapper\"><p>[vc_row][vc_column width=&#8221;1\/4&#8243;][vc_column_text css_animation=&#8221;fadeInUp&#8221;]<\/p>\n<h4>NOME INCI<\/h4>\n<p>Centella asiatica extract[\/vc_column_text][\/vc_column][vc_column width=&#8221;3\/4&#8243;][vc_column_text css_animation=&#8221;fadeInRight&#8221;]Pianta originaria dell\u2019Asia.<!--more--><\/p>\n<p>I principali ingredienti attivi contenuti nell\u2019estratto di centella asiatica sono due glucosidi dell\u2019acido asiatico e dell\u2019acido madecassico (asiaticoside e madecassoside), acidi triterpenici che, oltre a possedere spiccate propriet\u00e0 antiialuronidasiche, modulano l\u2019azione dei fibroblasti e stimolano la produzione di collagene. Grazie alle propriet\u00e0 cicatrizzanti e riepitelizzanti, la Centella Asiatica Extract contrasta la perdita di elasticit\u00e0 e la formazione di rughe e smagliature. L&#8217;estratto ci centella asiatica \u00e8 inoltre un potente decongestionante del sistema circolatorio ed \u00e8 usato nel trattamento dei disturbi legati alla circolazione sanguigna.[\/vc_column_text][\/vc_column][\/vc_row][vc_row][vc_column css_animation=&#8221;fadeInUpBig&#8221;][vc_column_text css_animation=&#8221;none&#8221; css=&#8221;.vc_custom_1520346955730{margin-top: -20px !important;margin-bottom: 10px !important;}&#8221;]<\/p>\n<h5><em><strong>Prodotti che contengono questo ingrediente<\/strong><\/em><\/h5>\n<p>[\/vc_column_text]<div class=\"woocommerce columns-4 \">\n<div class=\"products_wrapper mfn-woo-products isotope_wrapper default-woo-loop lm_wrapper\">\n\t<ul class=\"products mfn-product-badges-left\">\n<li class=\"isotope-item align-center product type-product post-5980 status-publish first instock product_cat-cellulite-phyto-cellules-action-minceur-intensive-en-2 product_cat-intoxicated-skin-phyto-synergie-action-inscrub-detox product_cat-relaxation-anti-aging-phyto-cellules-action-raffermissante has-post-thumbnail shipping-taxable product-type-simple\" >\n\n\t<div class=\"mfn-li-product-row mfn-li-product-row-image\"><div class=\"image_frame scale-with-grid product-loop-thumb\"><div data-offset=\"0\" class=\"image_wrapper\"><a href=\"https:\/\/www.ildiariodellabellezza.it\/en\/product\/osmo-actif\/\" aria-label=\"OSMO-ACTIF\" tabindex=\"-1\"><div class=\"mask\"><\/div><div data-index=\"0\" class=\"mfn-product-list-gallery-item mfn-slide-current mfn-slide-first\"><img loading=\"lazy\" decoding=\"async\" width=\"450\" height=\"450\" src=\"https:\/\/www.ildiariodellabellezza.it\/wp-content\/uploads\/fluido-corpo-anticellulite-450x450.jpg\" class=\"attachment-shop_catalog size-shop_catalog\" alt=\"OSMO-ACTIF\" srcset=\"https:\/\/www.ildiariodellabellezza.it\/wp-content\/uploads\/fluido-corpo-anticellulite-450x450.jpg 450w, https:\/\/www.ildiariodellabellezza.it\/wp-content\/uploads\/fluido-corpo-anticellulite-300x300.jpg 300w, https:\/\/www.ildiariodellabellezza.it\/wp-content\/uploads\/fluido-corpo-anticellulite-768x768.jpg 768w, https:\/\/www.ildiariodellabellezza.it\/wp-content\/uploads\/fluido-corpo-anticellulite-1024x1024.jpg 1024w, https:\/\/www.ildiariodellabellezza.it\/wp-content\/uploads\/fluido-corpo-anticellulite-146x146.jpg 146w, https:\/\/www.ildiariodellabellezza.it\/wp-content\/uploads\/fluido-corpo-anticellulite-50x50.jpg 50w, https:\/\/www.ildiariodellabellezza.it\/wp-content\/uploads\/fluido-corpo-anticellulite-75x75.jpg 75w, https:\/\/www.ildiariodellabellezza.it\/wp-content\/uploads\/fluido-corpo-anticellulite-85x85.jpg 85w, https:\/\/www.ildiariodellabellezza.it\/wp-content\/uploads\/fluido-corpo-anticellulite-80x80.jpg 80w, https:\/\/www.ildiariodellabellezza.it\/wp-content\/uploads\/fluido-corpo-anticellulite-900x900.jpg 900w, https:\/\/www.ildiariodellabellezza.it\/wp-content\/uploads\/fluido-corpo-anticellulite.jpg 1100w\" sizes=\"auto, (max-width:767px) 450px, 450px\" \/><\/div><\/a><div class=\"image_links\"><a class=\"link\" tabindex=\"-1\" href=\"https:\/\/www.ildiariodellabellezza.it\/en\/product\/osmo-actif\/\"><svg viewBox=\"0 0 26 26\"><defs><style>.path{fill:none;stroke:#333;stroke-miterlimit:10;stroke-width:1.5px;}<\/style><\/defs><g><path d=\"M10.17,8.76l2.12-2.12a5,5,0,0,1,7.07,0h0a5,5,0,0,1,0,7.07l-2.12,2.12\" class=\"path\"\/><path d=\"M15.83,17.24l-2.12,2.12a5,5,0,0,1-7.07,0h0a5,5,0,0,1,0-7.07l2.12-2.12\" class=\"path\"\/><line x1=\"10.17\" y1=\"15.83\" x2=\"15.83\" y2=\"10.17\" class=\"path\"\/><\/g><\/svg><\/a><\/div><\/div><a href=\"https:\/\/www.ildiariodellabellezza.it\/en\/product\/osmo-actif\/\" aria-label=\"OSMO-ACTIF\" tabindex=\"-1\"><span class=\"product-loading-icon added-cart\"><\/span><\/a><\/div><\/div>\n\t<div class=\"desc\">\n\n\t\t\n\t\t<h4 class=\"mfn-woo-product-title \"><a href=\"https:\/\/www.ildiariodellabellezza.it\/en\/product\/osmo-actif\/\">OSMO-ACTIF<\/a><\/h4>\n\t\t\n<div class=\"mfn-li-product-row mfn-li-product-row-button hide-button\"><\/div>\n\t<\/div>\n\n<\/li>\n\n\t<\/ul>\n<\/div><\/div>[\/vc_column][\/vc_row]<\/p>\n<\/div>","protected":false},"excerpt":{"rendered":"<p>[vc_row][vc_column width=&#8221;1\/4&#8243;][vc_column_text css_animation=&#8221;fadeInUp&#8221;] NOME INCI Centella asiatica extract[\/vc_column_text][\/vc_column][vc_column width=&#8221;3\/4&#8243;][vc_column_text css_animation=&#8221;fadeInRight&#8221;]Pianta originaria dell\u2019Asia.<\/p>\n","protected":false},"author":1,"featured_media":2947,"menu_order":0,"comment_status":"closed","ping_status":"closed","template":"","meta":[],"portfolio-types":[104],"class_list":["post-3178","portfolio","type-portfolio","status-publish","has-post-thumbnail","hentry","portfolio-types-a-l-en"],"_links":{"self":[{"href":"https:\/\/www.ildiariodellabellezza.it\/en\/wp-json\/wp\/v2\/portfolio\/3178","targetHints":{"allow":["GET"]}}],"collection":[{"href":"https:\/\/www.ildiariodellabellezza.it\/en\/wp-json\/wp\/v2\/portfolio"}],"about":[{"href":"https:\/\/www.ildiariodellabellezza.it\/en\/wp-json\/wp\/v2\/types\/portfolio"}],"author":[{"embeddable":true,"href":"https:\/\/www.ildiariodellabellezza.it\/en\/wp-json\/wp\/v2\/users\/1"}],"replies":[{"embeddable":true,"href":"https:\/\/www.ildiariodellabellezza.it\/en\/wp-json\/wp\/v2\/comments?post=3178"}],"wp:featuredmedia":[{"embeddable":true,"href":"https:\/\/www.ildiariodellabellezza.it\/en\/wp-json\/wp\/v2\/media\/2947"}],"wp:attachment":[{"href":"https:\/\/www.ildiariodellabellezza.it\/en\/wp-json\/wp\/v2\/media?parent=3178"}],"wp:term":[{"taxonomy":"portfolio-types","embeddable":true,"href":"https:\/\/www.ildiariodellabellezza.it\/en\/wp-json\/wp\/v2\/portfolio-types?post=3178"}],"curies":[{"name":"wp","href":"https:\/\/api.w.org\/{rel}","templated":true}]}}