{"id":3332,"date":"2018-03-30T17:40:59","date_gmt":"2018-03-30T17:40:59","guid":{"rendered":"https:\/\/www.ildiariodellabellezza.it\/ingrediente\/lievito-di-birra\/"},"modified":"2018-07-17T20:09:44","modified_gmt":"2018-07-17T20:09:44","slug":"yeast-hydrolyzed","status":"publish","type":"portfolio","link":"https:\/\/www.ildiariodellabellezza.it\/en\/ingredienti\/yeast-hydrolyzed\/","title":{"rendered":"Yeast hydrolyzed"},"content":{"rendered":"<div class=\"wpb-content-wrapper\"><p>[vc_row][vc_column width=&#8221;1\/4&#8243;][vc_column_text css_animation=&#8221;fadeInUp&#8221;]<\/p>\n<h4>NOME INCI<\/h4>\n<p>Yeast Faex extract[\/vc_column_text][\/vc_column][vc_column width=&#8221;3\/4&#8243;][vc_column_text css_animation=&#8221;fadeInRight&#8221;]Ricco in minerali e vitamine (gruppo B) apporta risultati positivi per la\u00a0depurazione e la\u00a0\u00a0bellezza della pelle<!--more-->\u00a0(in particolar modo di quella grassa ed opaca) e nella cura e\u00a0prevenzione dell\u2019acne.[\/vc_column_text][\/vc_column][\/vc_row][vc_row][vc_column css_animation=&#8221;fadeInUpBig&#8221;][vc_column_text css_animation=&#8221;none&#8221; css=&#8221;.vc_custom_1520346955730{margin-top: -20px !important;margin-bottom: 10px !important;}&#8221;]<\/p>\n<h5><em><strong>Prodotti che contengono questo ingrediente<\/strong><\/em><\/h5>\n<p>[\/vc_column_text]<div class=\"woocommerce columns-4 \">\n<div class=\"products_wrapper mfn-woo-products isotope_wrapper default-woo-loop lm_wrapper\">\n\t<ul class=\"products mfn-product-badges-left\">\n<li class=\"isotope-item align-center product type-product post-4403 status-publish first instock product_cat-thin-and-fragile-hair-diradati-soin-hydratant product_cat-thin-and-fragile-hair-soin-hydratant has-post-thumbnail shipping-taxable product-type-simple\" >\n\n\t<div class=\"mfn-li-product-row mfn-li-product-row-image\"><div class=\"image_frame scale-with-grid product-loop-thumb\"><div data-offset=\"0\" class=\"image_wrapper\"><a href=\"https:\/\/www.ildiariodellabellezza.it\/en\/product\/cheveux-demineralisee-plus\/\" aria-label=\"CHEVEUX D\u00c9MIN\u00c9RALIS\u00c9E PLUS\" tabindex=\"-1\"><div class=\"mask\"><\/div><div data-index=\"0\" class=\"mfn-product-list-gallery-item mfn-slide-current mfn-slide-first\"><img loading=\"lazy\" decoding=\"async\" width=\"450\" height=\"450\" src=\"https:\/\/www.ildiariodellabellezza.it\/wp-content\/uploads\/lozione-capelli-fragili-450x450.jpg\" class=\"attachment-shop_catalog size-shop_catalog\" alt=\"CHEVEUX D\u00c9MIN\u00c9RALIS\u00c9E PLUS\" srcset=\"https:\/\/www.ildiariodellabellezza.it\/wp-content\/uploads\/lozione-capelli-fragili-450x450.jpg 450w, https:\/\/www.ildiariodellabellezza.it\/wp-content\/uploads\/lozione-capelli-fragili-300x300.jpg 300w, https:\/\/www.ildiariodellabellezza.it\/wp-content\/uploads\/lozione-capelli-fragili-768x768.jpg 768w, https:\/\/www.ildiariodellabellezza.it\/wp-content\/uploads\/lozione-capelli-fragili-1024x1024.jpg 1024w, https:\/\/www.ildiariodellabellezza.it\/wp-content\/uploads\/lozione-capelli-fragili-146x146.jpg 146w, https:\/\/www.ildiariodellabellezza.it\/wp-content\/uploads\/lozione-capelli-fragili-50x50.jpg 50w, https:\/\/www.ildiariodellabellezza.it\/wp-content\/uploads\/lozione-capelli-fragili-75x75.jpg 75w, https:\/\/www.ildiariodellabellezza.it\/wp-content\/uploads\/lozione-capelli-fragili-85x85.jpg 85w, https:\/\/www.ildiariodellabellezza.it\/wp-content\/uploads\/lozione-capelli-fragili-80x80.jpg 80w, https:\/\/www.ildiariodellabellezza.it\/wp-content\/uploads\/lozione-capelli-fragili-900x900.jpg 900w, https:\/\/www.ildiariodellabellezza.it\/wp-content\/uploads\/lozione-capelli-fragili.jpg 1100w\" sizes=\"auto, (max-width:767px) 450px, 450px\" \/><\/div><\/a><div class=\"image_links\"><a class=\"link\" tabindex=\"-1\" href=\"https:\/\/www.ildiariodellabellezza.it\/en\/product\/cheveux-demineralisee-plus\/\"><svg viewBox=\"0 0 26 26\"><defs><style>.path{fill:none;stroke:#333;stroke-miterlimit:10;stroke-width:1.5px;}<\/style><\/defs><g><path d=\"M10.17,8.76l2.12-2.12a5,5,0,0,1,7.07,0h0a5,5,0,0,1,0,7.07l-2.12,2.12\" class=\"path\"\/><path d=\"M15.83,17.24l-2.12,2.12a5,5,0,0,1-7.07,0h0a5,5,0,0,1,0-7.07l2.12-2.12\" class=\"path\"\/><line x1=\"10.17\" y1=\"15.83\" x2=\"15.83\" y2=\"10.17\" class=\"path\"\/><\/g><\/svg><\/a><\/div><\/div><a href=\"https:\/\/www.ildiariodellabellezza.it\/en\/product\/cheveux-demineralisee-plus\/\" aria-label=\"CHEVEUX D\u00c9MIN\u00c9RALIS\u00c9E PLUS\" tabindex=\"-1\"><span class=\"product-loading-icon added-cart\"><\/span><\/a><\/div><\/div>\n\t<div class=\"desc\">\n\n\t\t\n\t\t<h4 class=\"mfn-woo-product-title \"><a href=\"https:\/\/www.ildiariodellabellezza.it\/en\/product\/cheveux-demineralisee-plus\/\">CHEVEUX D\u00c9MIN\u00c9RALIS\u00c9E PLUS<\/a><\/h4>\n\t\t\n<div class=\"mfn-li-product-row mfn-li-product-row-button hide-button\"><\/div>\n\t<\/div>\n\n<\/li>\n<li class=\"isotope-item align-center product type-product post-4520 status-publish instock product_cat-thin-and-fragile-hair-diradati-soin-hydratant product_cat-thin-and-fragile-hair-soin-hydratant has-post-thumbnail shipping-taxable product-type-simple\" >\n\n\t<div class=\"mfn-li-product-row mfn-li-product-row-image\"><div class=\"image_frame scale-with-grid product-loop-thumb\"><div data-offset=\"0\" class=\"image_wrapper\"><a href=\"https:\/\/www.ildiariodellabellezza.it\/en\/product\/cheveux-fragiles-a\/\" aria-label=\"CHEVEUX FRAGILES A\" tabindex=\"-1\"><div class=\"mask\"><\/div><div data-index=\"0\" class=\"mfn-product-list-gallery-item mfn-slide-current mfn-slide-first\"><img loading=\"lazy\" decoding=\"async\" width=\"450\" height=\"450\" src=\"https:\/\/www.ildiariodellabellezza.it\/wp-content\/uploads\/capelli-fragili-lozione-450x450.jpg\" class=\"attachment-shop_catalog size-shop_catalog\" alt=\"CHEVEUX FRAGILES A\" srcset=\"https:\/\/www.ildiariodellabellezza.it\/wp-content\/uploads\/capelli-fragili-lozione-450x450.jpg 450w, https:\/\/www.ildiariodellabellezza.it\/wp-content\/uploads\/capelli-fragili-lozione-300x300.jpg 300w, https:\/\/www.ildiariodellabellezza.it\/wp-content\/uploads\/capelli-fragili-lozione-768x768.jpg 768w, https:\/\/www.ildiariodellabellezza.it\/wp-content\/uploads\/capelli-fragili-lozione-1024x1024.jpg 1024w, https:\/\/www.ildiariodellabellezza.it\/wp-content\/uploads\/capelli-fragili-lozione-146x146.jpg 146w, https:\/\/www.ildiariodellabellezza.it\/wp-content\/uploads\/capelli-fragili-lozione-50x50.jpg 50w, https:\/\/www.ildiariodellabellezza.it\/wp-content\/uploads\/capelli-fragili-lozione-75x75.jpg 75w, https:\/\/www.ildiariodellabellezza.it\/wp-content\/uploads\/capelli-fragili-lozione-85x85.jpg 85w, https:\/\/www.ildiariodellabellezza.it\/wp-content\/uploads\/capelli-fragili-lozione-80x80.jpg 80w, https:\/\/www.ildiariodellabellezza.it\/wp-content\/uploads\/capelli-fragili-lozione-900x900.jpg 900w, https:\/\/www.ildiariodellabellezza.it\/wp-content\/uploads\/capelli-fragili-lozione.jpg 1100w\" sizes=\"auto, (max-width:767px) 450px, 450px\" \/><\/div><\/a><div class=\"image_links\"><a class=\"link\" tabindex=\"-1\" href=\"https:\/\/www.ildiariodellabellezza.it\/en\/product\/cheveux-fragiles-a\/\"><svg viewBox=\"0 0 26 26\"><defs><style>.path{fill:none;stroke:#333;stroke-miterlimit:10;stroke-width:1.5px;}<\/style><\/defs><g><path d=\"M10.17,8.76l2.12-2.12a5,5,0,0,1,7.07,0h0a5,5,0,0,1,0,7.07l-2.12,2.12\" class=\"path\"\/><path d=\"M15.83,17.24l-2.12,2.12a5,5,0,0,1-7.07,0h0a5,5,0,0,1,0-7.07l2.12-2.12\" class=\"path\"\/><line x1=\"10.17\" y1=\"15.83\" x2=\"15.83\" y2=\"10.17\" class=\"path\"\/><\/g><\/svg><\/a><\/div><\/div><a href=\"https:\/\/www.ildiariodellabellezza.it\/en\/product\/cheveux-fragiles-a\/\" aria-label=\"CHEVEUX FRAGILES A\" tabindex=\"-1\"><span class=\"product-loading-icon added-cart\"><\/span><\/a><\/div><\/div>\n\t<div class=\"desc\">\n\n\t\t\n\t\t<h4 class=\"mfn-woo-product-title \"><a href=\"https:\/\/www.ildiariodellabellezza.it\/en\/product\/cheveux-fragiles-a\/\">CHEVEUX FRAGILES A<\/a><\/h4>\n\t\t\n<div class=\"mfn-li-product-row mfn-li-product-row-button hide-button\"><\/div>\n\t<\/div>\n\n<\/li>\n<li class=\"isotope-item align-center product type-product post-5740 status-publish instock product_cat-oily-skin-phyto-equilibrante has-post-thumbnail shipping-taxable product-type-simple\" >\n\n\t<div class=\"mfn-li-product-row mfn-li-product-row-image\"><div class=\"image_frame scale-with-grid product-loop-thumb\"><div data-offset=\"0\" class=\"image_wrapper\"><a href=\"https:\/\/www.ildiariodellabellezza.it\/en\/product\/eau-purifiante-pg\/\" aria-label=\"EAU PURIFIANTE PG\" tabindex=\"-1\"><div class=\"mask\"><\/div><div data-index=\"0\" class=\"mfn-product-list-gallery-item mfn-slide-current mfn-slide-first\"><img loading=\"lazy\" decoding=\"async\" width=\"450\" height=\"450\" src=\"https:\/\/www.ildiariodellabellezza.it\/wp-content\/uploads\/eau-purifiante-pg-450x450.jpg\" class=\"attachment-shop_catalog size-shop_catalog\" alt=\"EAU PURIFIANTE PG\" srcset=\"https:\/\/www.ildiariodellabellezza.it\/wp-content\/uploads\/eau-purifiante-pg-450x450.jpg 450w, https:\/\/www.ildiariodellabellezza.it\/wp-content\/uploads\/eau-purifiante-pg-300x300.jpg 300w, https:\/\/www.ildiariodellabellezza.it\/wp-content\/uploads\/eau-purifiante-pg-768x768.jpg 768w, https:\/\/www.ildiariodellabellezza.it\/wp-content\/uploads\/eau-purifiante-pg-1024x1024.jpg 1024w, https:\/\/www.ildiariodellabellezza.it\/wp-content\/uploads\/eau-purifiante-pg-146x146.jpg 146w, https:\/\/www.ildiariodellabellezza.it\/wp-content\/uploads\/eau-purifiante-pg-50x50.jpg 50w, https:\/\/www.ildiariodellabellezza.it\/wp-content\/uploads\/eau-purifiante-pg-75x75.jpg 75w, https:\/\/www.ildiariodellabellezza.it\/wp-content\/uploads\/eau-purifiante-pg-85x85.jpg 85w, https:\/\/www.ildiariodellabellezza.it\/wp-content\/uploads\/eau-purifiante-pg-80x80.jpg 80w, https:\/\/www.ildiariodellabellezza.it\/wp-content\/uploads\/eau-purifiante-pg-900x900.jpg 900w, https:\/\/www.ildiariodellabellezza.it\/wp-content\/uploads\/eau-purifiante-pg.jpg 1100w\" sizes=\"auto, (max-width:767px) 450px, 450px\" \/><\/div><\/a><div class=\"image_links\"><a class=\"link\" tabindex=\"-1\" href=\"https:\/\/www.ildiariodellabellezza.it\/en\/product\/eau-purifiante-pg\/\"><svg viewBox=\"0 0 26 26\"><defs><style>.path{fill:none;stroke:#333;stroke-miterlimit:10;stroke-width:1.5px;}<\/style><\/defs><g><path d=\"M10.17,8.76l2.12-2.12a5,5,0,0,1,7.07,0h0a5,5,0,0,1,0,7.07l-2.12,2.12\" class=\"path\"\/><path d=\"M15.83,17.24l-2.12,2.12a5,5,0,0,1-7.07,0h0a5,5,0,0,1,0-7.07l2.12-2.12\" class=\"path\"\/><line x1=\"10.17\" y1=\"15.83\" x2=\"15.83\" y2=\"10.17\" class=\"path\"\/><\/g><\/svg><\/a><\/div><\/div><a href=\"https:\/\/www.ildiariodellabellezza.it\/en\/product\/eau-purifiante-pg\/\" aria-label=\"EAU PURIFIANTE PG\" tabindex=\"-1\"><span class=\"product-loading-icon added-cart\"><\/span><\/a><\/div><\/div>\n\t<div class=\"desc\">\n\n\t\t\n\t\t<h4 class=\"mfn-woo-product-title \"><a href=\"https:\/\/www.ildiariodellabellezza.it\/en\/product\/eau-purifiante-pg\/\">EAU PURIFIANTE PG<\/a><\/h4>\n\t\t\n<div class=\"mfn-li-product-row mfn-li-product-row-button hide-button\"><\/div>\n\t<\/div>\n\n<\/li>\n<li class=\"isotope-item align-center product type-product post-5744 status-publish last instock product_cat-oily-skin-phyto-equilibrante has-post-thumbnail shipping-taxable product-type-simple\" >\n\n\t<div class=\"mfn-li-product-row mfn-li-product-row-image\"><div class=\"image_frame scale-with-grid product-loop-thumb\"><div data-offset=\"0\" class=\"image_wrapper\"><a href=\"https:\/\/www.ildiariodellabellezza.it\/en\/product\/phyto-purifiant\/\" aria-label=\"PHYTO PURIFIANT\" tabindex=\"-1\"><div class=\"mask\"><\/div><div data-index=\"0\" class=\"mfn-product-list-gallery-item mfn-slide-current mfn-slide-first\"><img loading=\"lazy\" decoding=\"async\" width=\"450\" height=\"450\" src=\"https:\/\/www.ildiariodellabellezza.it\/wp-content\/uploads\/phyto-purifiant-450x450.jpg\" class=\"attachment-shop_catalog size-shop_catalog\" alt=\"PHYTO PURIFIANT\" srcset=\"https:\/\/www.ildiariodellabellezza.it\/wp-content\/uploads\/phyto-purifiant-450x450.jpg 450w, https:\/\/www.ildiariodellabellezza.it\/wp-content\/uploads\/phyto-purifiant-300x300.jpg 300w, https:\/\/www.ildiariodellabellezza.it\/wp-content\/uploads\/phyto-purifiant-768x768.jpg 768w, https:\/\/www.ildiariodellabellezza.it\/wp-content\/uploads\/phyto-purifiant-1024x1024.jpg 1024w, https:\/\/www.ildiariodellabellezza.it\/wp-content\/uploads\/phyto-purifiant-146x146.jpg 146w, https:\/\/www.ildiariodellabellezza.it\/wp-content\/uploads\/phyto-purifiant-50x50.jpg 50w, https:\/\/www.ildiariodellabellezza.it\/wp-content\/uploads\/phyto-purifiant-75x75.jpg 75w, https:\/\/www.ildiariodellabellezza.it\/wp-content\/uploads\/phyto-purifiant-85x85.jpg 85w, https:\/\/www.ildiariodellabellezza.it\/wp-content\/uploads\/phyto-purifiant-80x80.jpg 80w, https:\/\/www.ildiariodellabellezza.it\/wp-content\/uploads\/phyto-purifiant-900x900.jpg 900w, https:\/\/www.ildiariodellabellezza.it\/wp-content\/uploads\/phyto-purifiant.jpg 1100w\" sizes=\"auto, (max-width:767px) 450px, 450px\" \/><\/div><\/a><div class=\"image_links\"><a class=\"link\" tabindex=\"-1\" href=\"https:\/\/www.ildiariodellabellezza.it\/en\/product\/phyto-purifiant\/\"><svg viewBox=\"0 0 26 26\"><defs><style>.path{fill:none;stroke:#333;stroke-miterlimit:10;stroke-width:1.5px;}<\/style><\/defs><g><path d=\"M10.17,8.76l2.12-2.12a5,5,0,0,1,7.07,0h0a5,5,0,0,1,0,7.07l-2.12,2.12\" class=\"path\"\/><path d=\"M15.83,17.24l-2.12,2.12a5,5,0,0,1-7.07,0h0a5,5,0,0,1,0-7.07l2.12-2.12\" class=\"path\"\/><line x1=\"10.17\" y1=\"15.83\" x2=\"15.83\" y2=\"10.17\" class=\"path\"\/><\/g><\/svg><\/a><\/div><\/div><a href=\"https:\/\/www.ildiariodellabellezza.it\/en\/product\/phyto-purifiant\/\" aria-label=\"PHYTO PURIFIANT\" tabindex=\"-1\"><span class=\"product-loading-icon added-cart\"><\/span><\/a><\/div><\/div>\n\t<div class=\"desc\">\n\n\t\t\n\t\t<h4 class=\"mfn-woo-product-title \"><a href=\"https:\/\/www.ildiariodellabellezza.it\/en\/product\/phyto-purifiant\/\">PHYTO PURIFIANT<\/a><\/h4>\n\t\t\n<div class=\"mfn-li-product-row mfn-li-product-row-button hide-button\"><\/div>\n\t<\/div>\n\n<\/li>\n<li class=\"isotope-item align-center product type-product post-5532 status-publish first instock product_cat-anti-aging-skin-golden-age product_cat-anti-aging-skin-phyto-lifting product_cat-phyto-synergie product_cat-normal-skin-hydra-eclat has-post-thumbnail shipping-taxable product-type-simple\" >\n\n\t<div class=\"mfn-li-product-row mfn-li-product-row-image\"><div class=\"image_frame scale-with-grid product-loop-thumb\"><div data-offset=\"0\" class=\"image_wrapper\"><a href=\"https:\/\/www.ildiariodellabellezza.it\/en\/product\/visage-extra-tonique\/\" aria-label=\"VISAGE EXTRA-TONIQUE +\" tabindex=\"-1\"><div class=\"mask\"><\/div><div data-index=\"0\" class=\"mfn-product-list-gallery-item mfn-slide-current mfn-slide-first\"><img loading=\"lazy\" decoding=\"async\" width=\"450\" height=\"450\" src=\"https:\/\/www.ildiariodellabellezza.it\/wp-content\/uploads\/lozione-tonica-idratante-viso-450x450.jpg\" class=\"attachment-shop_catalog size-shop_catalog\" alt=\"VISAGE EXTRA-TONIQUE +\" srcset=\"https:\/\/www.ildiariodellabellezza.it\/wp-content\/uploads\/lozione-tonica-idratante-viso-450x450.jpg 450w, https:\/\/www.ildiariodellabellezza.it\/wp-content\/uploads\/lozione-tonica-idratante-viso-300x300.jpg 300w, https:\/\/www.ildiariodellabellezza.it\/wp-content\/uploads\/lozione-tonica-idratante-viso-768x768.jpg 768w, https:\/\/www.ildiariodellabellezza.it\/wp-content\/uploads\/lozione-tonica-idratante-viso-1024x1024.jpg 1024w, https:\/\/www.ildiariodellabellezza.it\/wp-content\/uploads\/lozione-tonica-idratante-viso-146x146.jpg 146w, https:\/\/www.ildiariodellabellezza.it\/wp-content\/uploads\/lozione-tonica-idratante-viso-50x50.jpg 50w, https:\/\/www.ildiariodellabellezza.it\/wp-content\/uploads\/lozione-tonica-idratante-viso-75x75.jpg 75w, https:\/\/www.ildiariodellabellezza.it\/wp-content\/uploads\/lozione-tonica-idratante-viso-85x85.jpg 85w, https:\/\/www.ildiariodellabellezza.it\/wp-content\/uploads\/lozione-tonica-idratante-viso-80x80.jpg 80w, https:\/\/www.ildiariodellabellezza.it\/wp-content\/uploads\/lozione-tonica-idratante-viso-900x900.jpg 900w, https:\/\/www.ildiariodellabellezza.it\/wp-content\/uploads\/lozione-tonica-idratante-viso.jpg 1100w\" sizes=\"auto, (max-width:767px) 450px, 450px\" \/><\/div><\/a><div class=\"image_links\"><a class=\"link\" tabindex=\"-1\" href=\"https:\/\/www.ildiariodellabellezza.it\/en\/product\/visage-extra-tonique\/\"><svg viewBox=\"0 0 26 26\"><defs><style>.path{fill:none;stroke:#333;stroke-miterlimit:10;stroke-width:1.5px;}<\/style><\/defs><g><path d=\"M10.17,8.76l2.12-2.12a5,5,0,0,1,7.07,0h0a5,5,0,0,1,0,7.07l-2.12,2.12\" class=\"path\"\/><path d=\"M15.83,17.24l-2.12,2.12a5,5,0,0,1-7.07,0h0a5,5,0,0,1,0-7.07l2.12-2.12\" class=\"path\"\/><line x1=\"10.17\" y1=\"15.83\" x2=\"15.83\" y2=\"10.17\" class=\"path\"\/><\/g><\/svg><\/a><\/div><\/div><a href=\"https:\/\/www.ildiariodellabellezza.it\/en\/product\/visage-extra-tonique\/\" aria-label=\"VISAGE EXTRA-TONIQUE +\" tabindex=\"-1\"><span class=\"product-loading-icon added-cart\"><\/span><\/a><\/div><\/div>\n\t<div class=\"desc\">\n\n\t\t\n\t\t<h4 class=\"mfn-woo-product-title \"><a href=\"https:\/\/www.ildiariodellabellezza.it\/en\/product\/visage-extra-tonique\/\">VISAGE EXTRA-TONIQUE +<\/a><\/h4>\n\t\t\n<div class=\"mfn-li-product-row mfn-li-product-row-button hide-button\"><\/div>\n\t<\/div>\n\n<\/li>\n<li class=\"isotope-item align-center product type-product post-3949 status-publish instock product_cat-vigeur-phyto-5-alfa-en has-post-thumbnail shipping-taxable product-type-simple\" >\n\n\t<div class=\"mfn-li-product-row mfn-li-product-row-image\"><div class=\"image_frame scale-with-grid product-loop-thumb\"><div data-offset=\"0\" class=\"image_wrapper\"><a href=\"https:\/\/www.ildiariodellabellezza.it\/en\/product\/vital-anti-age\/\" aria-label=\"VITAL + ANTI-AGE\" tabindex=\"-1\"><div class=\"mask\"><\/div><div data-index=\"0\" class=\"mfn-product-list-gallery-item mfn-slide-current mfn-slide-first\"><img loading=\"lazy\" decoding=\"async\" width=\"1100\" height=\"1100\" src=\"https:\/\/www.ildiariodellabellezza.it\/wp-content\/uploads\/fiale-anticaduta-antieta.jpg\" class=\"attachment-shop_catalog size-shop_catalog\" alt=\"VITAL + ANTI-AGE\" srcset=\"https:\/\/www.ildiariodellabellezza.it\/wp-content\/uploads\/fiale-anticaduta-antieta.jpg 1100w, https:\/\/www.ildiariodellabellezza.it\/wp-content\/uploads\/fiale-anticaduta-antieta-450x450.jpg 450w, https:\/\/www.ildiariodellabellezza.it\/wp-content\/uploads\/fiale-anticaduta-antieta-300x300.jpg 300w, https:\/\/www.ildiariodellabellezza.it\/wp-content\/uploads\/fiale-anticaduta-antieta-900x900.jpg 900w\" sizes=\"auto, (max-width:767px) 700px, (max-width:1100px) 100vw, 1100px\" \/><\/div><\/a><div class=\"image_links\"><a class=\"link\" tabindex=\"-1\" href=\"https:\/\/www.ildiariodellabellezza.it\/en\/product\/vital-anti-age\/\"><svg viewBox=\"0 0 26 26\"><defs><style>.path{fill:none;stroke:#333;stroke-miterlimit:10;stroke-width:1.5px;}<\/style><\/defs><g><path d=\"M10.17,8.76l2.12-2.12a5,5,0,0,1,7.07,0h0a5,5,0,0,1,0,7.07l-2.12,2.12\" class=\"path\"\/><path d=\"M15.83,17.24l-2.12,2.12a5,5,0,0,1-7.07,0h0a5,5,0,0,1,0-7.07l2.12-2.12\" class=\"path\"\/><line x1=\"10.17\" y1=\"15.83\" x2=\"15.83\" y2=\"10.17\" class=\"path\"\/><\/g><\/svg><\/a><\/div><\/div><a href=\"https:\/\/www.ildiariodellabellezza.it\/en\/product\/vital-anti-age\/\" aria-label=\"VITAL + ANTI-AGE\" tabindex=\"-1\"><span class=\"product-loading-icon added-cart\"><\/span><\/a><\/div><\/div>\n\t<div class=\"desc\">\n\n\t\t\n\t\t<h4 class=\"mfn-woo-product-title \"><a href=\"https:\/\/www.ildiariodellabellezza.it\/en\/product\/vital-anti-age\/\">VITAL + ANTI-AGE<\/a><\/h4>\n\t\t\n<div class=\"mfn-li-product-row mfn-li-product-row-button hide-button\"><\/div>\n\t<\/div>\n\n<\/li>\n\n\t<\/ul>\n<\/div><\/div>[\/vc_column][\/vc_row]<\/p>\n<\/div>","protected":false},"excerpt":{"rendered":"<p>[vc_row][vc_column width=&#8221;1\/4&#8243;][vc_column_text css_animation=&#8221;fadeInUp&#8221;] NOME INCI Yeast Faex extract[\/vc_column_text][\/vc_column][vc_column width=&#8221;3\/4&#8243;][vc_column_text css_animation=&#8221;fadeInRight&#8221;]Ricco in minerali e vitamine (gruppo<span class=\"excerpt-hellip\"> [\u2026]<\/span><\/p>\n","protected":false},"author":1,"featured_media":2981,"menu_order":0,"comment_status":"closed","ping_status":"closed","template":"","meta":[],"portfolio-types":[104],"class_list":["post-3332","portfolio","type-portfolio","status-publish","has-post-thumbnail","hentry","portfolio-types-a-l-en"],"_links":{"self":[{"href":"https:\/\/www.ildiariodellabellezza.it\/en\/wp-json\/wp\/v2\/portfolio\/3332","targetHints":{"allow":["GET"]}}],"collection":[{"href":"https:\/\/www.ildiariodellabellezza.it\/en\/wp-json\/wp\/v2\/portfolio"}],"about":[{"href":"https:\/\/www.ildiariodellabellezza.it\/en\/wp-json\/wp\/v2\/types\/portfolio"}],"author":[{"embeddable":true,"href":"https:\/\/www.ildiariodellabellezza.it\/en\/wp-json\/wp\/v2\/users\/1"}],"replies":[{"embeddable":true,"href":"https:\/\/www.ildiariodellabellezza.it\/en\/wp-json\/wp\/v2\/comments?post=3332"}],"wp:featuredmedia":[{"embeddable":true,"href":"https:\/\/www.ildiariodellabellezza.it\/en\/wp-json\/wp\/v2\/media\/2981"}],"wp:attachment":[{"href":"https:\/\/www.ildiariodellabellezza.it\/en\/wp-json\/wp\/v2\/media?parent=3332"}],"wp:term":[{"taxonomy":"portfolio-types","embeddable":true,"href":"https:\/\/www.ildiariodellabellezza.it\/en\/wp-json\/wp\/v2\/portfolio-types?post=3332"}],"curies":[{"name":"wp","href":"https:\/\/api.w.org\/{rel}","templated":true}]}}